{"id":1663,"date":"2026-02-16T17:09:14","date_gmt":"2026-02-16T16:09:14","guid":{"rendered":"https:\/\/profanus.es\/el-origen\/"},"modified":"2026-03-30T18:18:27","modified_gmt":"2026-03-30T16:18:27","slug":"el-origen","status":"publish","type":"page","link":"https:\/\/profanus.es\/es\/el-origen\/","title":{"rendered":"El Origen"},"content":{"rendered":"\t\t<div data-elementor-type=\"wp-page\" data-elementor-id=\"1663\" class=\"elementor elementor-1663 elementor-1550\">\n\t\t\t\t<div class=\"wd-negative-gap elementor-element elementor-element-d5a1b52 wd-section-stretch e-flex e-con-boxed e-con e-parent\" data-id=\"d5a1b52\" data-element_type=\"container\" data-e-type=\"container\" data-settings=\"{&quot;background_background&quot;:&quot;classic&quot;}\">\n\t\t\t\t\t<div class=\"e-con-inner\">\n\t\t<div class=\"elementor-element elementor-element-6e48edd e-con-full e-flex e-con e-child\" data-id=\"6e48edd\" data-element_type=\"container\" data-e-type=\"container\">\n\t\t\t\t<div class=\"elementor-element elementor-element-d8688df elementor-widget__width-initial elementor-widget elementor-widget-wd_image_or_svg\" data-id=\"d8688df\" data-element_type=\"widget\" data-e-type=\"widget\" data-widget_type=\"wd_image_or_svg.default\">\n\t\t\t\t<div class=\"elementor-widget-container\">\n\t\t\t\t\t\n\t\t<div class=\"wd-image text-left\">\n\t\t\t\t\t\t\t\t<img loading=\"lazy\" decoding=\"async\" width=\"961\" height=\"1405\" src=\"https:\/\/profanus.es\/wp\/wp-content\/uploads\/2025\/03\/profanus-iso-dorado.png\" class=\"attachment-full size-full\" alt=\"\" srcset=\"https:\/\/profanus.es\/wp\/wp-content\/uploads\/2025\/03\/profanus-iso-dorado.png 961w, https:\/\/profanus.es\/wp\/wp-content\/uploads\/2025\/03\/profanus-iso-dorado-430x629.png 430w, https:\/\/profanus.es\/wp\/wp-content\/uploads\/2025\/03\/profanus-iso-dorado-180x263.png 180w, https:\/\/profanus.es\/wp\/wp-content\/uploads\/2025\/03\/profanus-iso-dorado-700x1023.png 700w, https:\/\/profanus.es\/wp\/wp-content\/uploads\/2025\/03\/profanus-iso-dorado-205x300.png 205w, https:\/\/profanus.es\/wp\/wp-content\/uploads\/2025\/03\/profanus-iso-dorado-547x800.png 547w, https:\/\/profanus.es\/wp\/wp-content\/uploads\/2025\/03\/profanus-iso-dorado-768x1123.png 768w\" sizes=\"auto, (max-width: 961px) 100vw, 961px\" \/>\t\t\t\t\t<\/div>\n\n\t\t\t\t\t\t<\/div>\n\t\t\t\t<\/div>\n\t\t\t\t<\/div>\n\t\t\t\t<div class=\"elementor-element elementor-element-a35d56c wd-width-100 elementor-widget elementor-widget-wd_title\" data-id=\"a35d56c\" data-element_type=\"widget\" data-e-type=\"widget\" data-widget_type=\"wd_title.default\">\n\t\t\t\t<div class=\"elementor-widget-container\">\n\t\t\t\t\t\t\t<div class=\"title-wrapper wd-set-mb reset-last-child wd-title-color-primary wd-title-style-default wd-title-size-default text-left\">\n\n\t\t\t\n\t\t\t<div class=\"liner-continer\">\n\t\t\t\t<h1 class=\"woodmart-title-container title wd-fontsize-l\">  El Origen<\/h1> \n\t\t\t\t\t\t\t<\/div>\n\n\t\t\t\t\t\t\t<div class=\"title-after_title reset-last-child wd-fontsize-xs\">\n\t\t\t\t\t<p>Profanus nace de la colaboraci\u00f3n entre <b>Eugenia Garc\u00eda Dom\u00ednguez<\/b>, M\u00e1ster Universitario en Historia del Arte y M\u00e1ster Especialista en Museos y Transmisi\u00f3n Cultural, y el artista visual contempor\u00e1neo, licenciado <b>Leandro Garc\u00eda Pimentel<\/b>.<\/p>\t\t\t\t<\/div>\n\t\t\t\t\t<\/div>\n\t\t\t\t\t\t<\/div>\n\t\t\t\t<\/div>\n\t\t\t\t\t<\/div>\n\t\t\t\t<\/div>\n\t\t<div class=\"wd-negative-gap elementor-element elementor-element-7d449f8 e-flex e-con-boxed e-con e-parent\" data-id=\"7d449f8\" data-element_type=\"container\" data-e-type=\"container\">\n\t\t\t\t\t<div class=\"e-con-inner\">\n\t\t<div class=\"elementor-element elementor-element-e49f51f e-con-full e-flex e-con e-child\" data-id=\"e49f51f\" data-element_type=\"container\" data-e-type=\"container\">\n\t\t\t\t<div class=\"elementor-element elementor-element-0876b81 elementor-widget elementor-widget-wd_text_block\" data-id=\"0876b81\" data-element_type=\"widget\" data-e-type=\"widget\" data-widget_type=\"wd_text_block.default\">\n\t\t\t\t<div class=\"elementor-widget-container\">\n\t\t\t\t\t\t\t<div class=\"wd-text-block reset-last-child text-left\">\n\t\t\t\n\t\t\t<p>Profanus nace de la colaboraci\u00f3n entre <b>Eugenia Garc\u00eda Dom\u00ednguez<\/b>, M\u00e1ster Universitario en Historia del Arte y M\u00e1ster Especialista en Museos y Transmisi\u00f3n Cultural, y el artista visual contempor\u00e1neo, licenciado<b> Leandro Garc\u00eda Pimentel.<\/b><span style=\"font-size: 21px;\"><\/span><\/p>\n\t\t\t\t\t<\/div>\n\t\t\t\t\t\t<\/div>\n\t\t\t\t<\/div>\n\t\t\t\t<div class=\"elementor-element elementor-element-8c9974f elementor-widget elementor-widget-wd_text_block\" data-id=\"8c9974f\" data-element_type=\"widget\" data-e-type=\"widget\" data-widget_type=\"wd_text_block.default\">\n\t\t\t\t<div class=\"elementor-widget-container\">\n\t\t\t\t\t\t\t<div class=\"wd-text-block reset-last-child text-left\">\n\t\t\t\n\t\t\t<p>A partir de una exhaustiva investigaci\u00f3n hist\u00f3rico-cultural, este proyecto se sustenta en los mitos, leyendas y personajes que, a lo largo de los siglos, han modelado el imaginario catal\u00e1n, y crea un universo simb\u00f3lico que toma forma a trav\u00e9s del tarot, el libro y el objeto.<br><br><b>El objetivo se centra en el ejercicio l\u00fadico y mnemot\u00e9cnico, que recupera materiales de la tradici\u00f3n oral para reactivar las condiciones sensibles de su transmisi\u00f3n.<\/b> La pr\u00e1ctica que proponemos se sit\u00faa en un espacio \u00edntimo y compartido, entre iguales, donde la lectura de las cartas requiere memoria y an\u00e1lisis de cada mito, y donde la experiencia se construye desde la escucha mutua, la interpretaci\u00f3n compartida y la permanencia del v\u00ednculo simb\u00f3lico.<\/p>\n\t\t\t\t\t<\/div>\n\t\t\t\t\t\t<\/div>\n\t\t\t\t<\/div>\n\t\t\t\t<\/div>\n\t\t<div class=\"elementor-element elementor-element-61fd6e1 e-con-full e-flex e-con e-child\" data-id=\"61fd6e1\" data-element_type=\"container\" data-e-type=\"container\">\n\t\t<div class=\"elementor-element elementor-element-a25d705 e-con-full e-grid e-con e-child\" data-id=\"a25d705\" data-element_type=\"container\" data-e-type=\"container\">\n\t\t<div class=\"elementor-element elementor-element-7b3428c e-con-full e-flex e-con e-child\" data-id=\"7b3428c\" data-element_type=\"container\" data-e-type=\"container\">\n\t\t\t\t<div class=\"elementor-element elementor-element-ce19e7b elementor-widget elementor-widget-wd_image_or_svg\" data-id=\"ce19e7b\" data-element_type=\"widget\" data-e-type=\"widget\" data-widget_type=\"wd_image_or_svg.default\">\n\t\t\t\t<div class=\"elementor-widget-container\">\n\t\t\t\t\t\n\t\t<div class=\"wd-image text-left photoswipe-images\">\n\t\t\t\t\t\t\t<a  href=\"https:\/\/mlsdeqqwxptl.i.optimole.com\/w:auto\/h:auto\/cb:EuuA.2b5\/f:best\/q:mauto\/id:e4695456e871e55ccce522cee3b8d80a\/directUpload\/leandro_ilustracion.jpg\"data-width=\"2260\" data-height=\"1613\" data-elementor-open-lightbox=\"no\" aria-label=\"Image link\">\n\t\t\t\t\t\t\t\t<img loading=\"lazy\" decoding=\"async\" width=\"2260\" height=\"1613\" src=\"https:\/\/mlsdeqqwxptl.i.optimole.com\/dam:1\/w:2260\/h:1613\/q:auto\/id:e4695456e871e55ccce522cee3b8d80a\/directUpload\/leandro_ilustracion.jpg\" class=\"attachment-full size-full\" alt=\"\" \/>\t\t\t\t\t\t\t<\/a>\n\t\t\t\t\t<\/div>\n\n\t\t\t\t\t\t<\/div>\n\t\t\t\t<\/div>\n\t\t\t\t<\/div>\n\t\t<div class=\"elementor-element elementor-element-bbbe112 e-con-full e-flex e-con e-child\" data-id=\"bbbe112\" data-element_type=\"container\" data-e-type=\"container\">\n\t\t\t\t<div class=\"elementor-element elementor-element-a64f84f elementor-widget elementor-widget-wd_image_or_svg\" data-id=\"a64f84f\" data-element_type=\"widget\" data-e-type=\"widget\" data-widget_type=\"wd_image_or_svg.default\">\n\t\t\t\t<div class=\"elementor-widget-container\">\n\t\t\t\t\t\n\t\t<div class=\"wd-image text-left photoswipe-images\">\n\t\t\t\t\t\t\t<a  href=\"https:\/\/mlsdeqqwxptl.i.optimole.com\/w:auto\/h:auto\/cb:EuuA.2b5\/f:best\/q:mauto\/id:51e4c9f3a56de663c6c8a0d8b148271e\/directUpload\/documento.jpg\"data-width=\"1106\" data-height=\"1810\" data-elementor-open-lightbox=\"no\" aria-label=\"Image link\">\n\t\t\t\t\t\t\t\t<img loading=\"lazy\" decoding=\"async\" width=\"1106\" height=\"1810\" src=\"https:\/\/mlsdeqqwxptl.i.optimole.com\/dam:1\/w:1106\/h:1810\/q:auto\/id:51e4c9f3a56de663c6c8a0d8b148271e\/directUpload\/documento.jpg\" class=\"attachment-full size-full\" alt=\"\" \/>\t\t\t\t\t\t\t<\/a>\n\t\t\t\t\t<\/div>\n\n\t\t\t\t\t\t<\/div>\n\t\t\t\t<\/div>\n\t\t\t\t<\/div>\n\t\t<div class=\"elementor-element elementor-element-2f1ffff e-con-full e-flex e-con e-child\" data-id=\"2f1ffff\" data-element_type=\"container\" data-e-type=\"container\">\n\t\t\t\t<div class=\"elementor-element elementor-element-d5334a4 elementor-widget elementor-widget-wd_image_or_svg\" data-id=\"d5334a4\" data-element_type=\"widget\" data-e-type=\"widget\" data-widget_type=\"wd_image_or_svg.default\">\n\t\t\t\t<div class=\"elementor-widget-container\">\n\t\t\t\t\t\n\t\t<div class=\"wd-image text-left photoswipe-images\">\n\t\t\t\t\t\t\t<a  href=\"https:\/\/mlsdeqqwxptl.i.optimole.com\/w:auto\/h:auto\/cb:EuuA.2b5\/f:best\/q:mauto\/id:a11205d9058acfac323d86f84f7972f8\/directUpload\/final.jpg\"data-width=\"1106\" data-height=\"1810\" data-elementor-open-lightbox=\"no\" aria-label=\"Image link\">\n\t\t\t\t\t\t\t\t<img loading=\"lazy\" decoding=\"async\" width=\"1106\" height=\"1810\" src=\"https:\/\/mlsdeqqwxptl.i.optimole.com\/dam:1\/w:1106\/h:1810\/q:auto\/id:a11205d9058acfac323d86f84f7972f8\/directUpload\/final.jpg\" class=\"attachment-full size-full\" alt=\"\" \/>\t\t\t\t\t\t\t<\/a>\n\t\t\t\t\t<\/div>\n\n\t\t\t\t\t\t<\/div>\n\t\t\t\t<\/div>\n\t\t\t\t<\/div>\n\t\t\t\t<\/div>\n\t\t\t\t<\/div>\n\t\t\t\t\t<\/div>\n\t\t\t\t<\/div>\n\t\t\t\t<\/div>\n\t\t","protected":false},"excerpt":{"rendered":"<p>El Origen Profanus nace de la colaboraci\u00f3n entre Eugenia Garc\u00eda Dom\u00ednguez, M\u00e1ster Universitario en Historia del Arte y M\u00e1ster Especialista<\/p>\n","protected":false},"author":1,"featured_media":0,"parent":0,"menu_order":0,"comment_status":"closed","ping_status":"closed","template":"elementor_header_footer","meta":{"footnotes":""},"class_list":["post-1663","page","type-page","status-publish","hentry"],"yoast_head":"<!-- This site is optimized with the Yoast SEO plugin v28.3 - https:\/\/yoast.com\/product\/yoast-seo-wordpress\/ -->\n<title>El Origen - Profanus<\/title>\n<meta name=\"robots\" content=\"index, follow, max-snippet:-1, max-image-preview:large, max-video-preview:-1\" \/>\n<link rel=\"canonical\" href=\"https:\/\/profanus.es\/es\/el-origen\/\" \/>\n<meta property=\"og:locale\" content=\"es_ES\" \/>\n<meta property=\"og:type\" content=\"article\" \/>\n<meta property=\"og:title\" content=\"El Origen - Profanus\" \/>\n<meta property=\"og:description\" content=\"El Origen Profanus nace de la colaboraci\u00f3n entre Eugenia Garc\u00eda Dom\u00ednguez, M\u00e1ster Universitario en Historia del Arte y M\u00e1ster Especialista\" \/>\n<meta property=\"og:url\" content=\"https:\/\/profanus.es\/es\/el-origen\/\" \/>\n<meta property=\"og:site_name\" content=\"Profanus\" \/>\n<meta property=\"article:publisher\" content=\"https:\/\/www.facebook.com\/profile.php?id=61579470624500\" \/>\n<meta property=\"article:modified_time\" content=\"2026-03-30T16:18:27+00:00\" \/>\n<meta property=\"og:image\" content=\"https:\/\/profanus.es\/wp\/wp-content\/uploads\/2025\/03\/profanus-iso-dorado.png\" \/>\n<meta name=\"twitter:card\" content=\"summary_large_image\" \/>\n<meta name=\"twitter:label1\" content=\"Tiempo de lectura\" \/>\n\t<meta name=\"twitter:data1\" content=\"1 minuto\" \/>\n<script type=\"application\/ld+json\" class=\"yoast-schema-graph\">{\"@context\":\"https:\\\/\\\/schema.org\",\"@graph\":[{\"@type\":\"WebPage\",\"@id\":\"https:\\\/\\\/profanus.es\\\/es\\\/el-origen\\\/\",\"url\":\"https:\\\/\\\/profanus.es\\\/es\\\/el-origen\\\/\",\"name\":\"El Origen - Profanus\",\"isPartOf\":{\"@id\":\"https:\\\/\\\/profanus.es\\\/es\\\/#website\"},\"primaryImageOfPage\":{\"@id\":\"https:\\\/\\\/profanus.es\\\/es\\\/el-origen\\\/#primaryimage\"},\"image\":{\"@id\":\"https:\\\/\\\/profanus.es\\\/es\\\/el-origen\\\/#primaryimage\"},\"thumbnailUrl\":\"https:\\\/\\\/profanus.es\\\/wp\\\/wp-content\\\/uploads\\\/2025\\\/03\\\/profanus-iso-dorado.png\",\"datePublished\":\"2026-02-16T16:09:14+00:00\",\"dateModified\":\"2026-03-30T16:18:27+00:00\",\"breadcrumb\":{\"@id\":\"https:\\\/\\\/profanus.es\\\/es\\\/el-origen\\\/#breadcrumb\"},\"inLanguage\":\"es\",\"potentialAction\":[{\"@type\":\"ReadAction\",\"target\":[\"https:\\\/\\\/profanus.es\\\/es\\\/el-origen\\\/\"]}]},{\"@type\":\"ImageObject\",\"inLanguage\":\"es\",\"@id\":\"https:\\\/\\\/profanus.es\\\/es\\\/el-origen\\\/#primaryimage\",\"url\":\"https:\\\/\\\/profanus.es\\\/wp\\\/wp-content\\\/uploads\\\/2025\\\/03\\\/profanus-iso-dorado.png\",\"contentUrl\":\"https:\\\/\\\/profanus.es\\\/wp\\\/wp-content\\\/uploads\\\/2025\\\/03\\\/profanus-iso-dorado.png\"},{\"@type\":\"BreadcrumbList\",\"@id\":\"https:\\\/\\\/profanus.es\\\/es\\\/el-origen\\\/#breadcrumb\",\"itemListElement\":[{\"@type\":\"ListItem\",\"position\":1,\"name\":\"Portada\",\"item\":\"https:\\\/\\\/profanus.es\\\/es\\\/\"},{\"@type\":\"ListItem\",\"position\":2,\"name\":\"El Origen\"}]},{\"@type\":\"WebSite\",\"@id\":\"https:\\\/\\\/profanus.es\\\/es\\\/#website\",\"url\":\"https:\\\/\\\/profanus.es\\\/es\\\/\",\"name\":\"Profanus\",\"description\":\"Profanus \u00e9s el nostre propi m\u00f3n m\u00e0gic, ple d&#039;hist\u00f2ries i personatges fant\u00e0stics de les terres catalanes.\",\"publisher\":{\"@id\":\"https:\\\/\\\/profanus.es\\\/es\\\/#organization\"},\"potentialAction\":[{\"@type\":\"SearchAction\",\"target\":{\"@type\":\"EntryPoint\",\"urlTemplate\":\"https:\\\/\\\/profanus.es\\\/es\\\/?s={search_term_string}\"},\"query-input\":{\"@type\":\"PropertyValueSpecification\",\"valueRequired\":true,\"valueName\":\"search_term_string\"}}],\"inLanguage\":\"es\"},{\"@type\":\"Organization\",\"@id\":\"https:\\\/\\\/profanus.es\\\/es\\\/#organization\",\"name\":\"Profanus\",\"url\":\"https:\\\/\\\/profanus.es\\\/es\\\/\",\"logo\":{\"@type\":\"ImageObject\",\"inLanguage\":\"es\",\"@id\":\"https:\\\/\\\/profanus.es\\\/es\\\/#\\\/schema\\\/logo\\\/image\\\/\",\"url\":\"https:\\\/\\\/mlsdeqqwxptl.i.optimole.com\\\/cb:EuuA.2b5\\\/w:512\\\/h:512\\\/q:mauto\\\/f:best\\\/https:\\\/\\\/profanus.es\\\/wp\\\/wp-content\\\/uploads\\\/2025\\\/12\\\/favicon.png\",\"contentUrl\":\"https:\\\/\\\/mlsdeqqwxptl.i.optimole.com\\\/cb:EuuA.2b5\\\/w:512\\\/h:512\\\/q:mauto\\\/f:best\\\/https:\\\/\\\/profanus.es\\\/wp\\\/wp-content\\\/uploads\\\/2025\\\/12\\\/favicon.png\",\"width\":512,\"height\":512,\"caption\":\"Profanus\"},\"image\":{\"@id\":\"https:\\\/\\\/profanus.es\\\/es\\\/#\\\/schema\\\/logo\\\/image\\\/\"},\"sameAs\":[\"https:\\\/\\\/www.facebook.com\\\/profile.php?id=61579470624500\",\"https:\\\/\\\/www.instagram.com\\\/profanusbcn\\\/\"]}]}<\/script>\n<!-- \/ Yoast SEO plugin. -->","yoast_head_json":{"title":"El Origen - Profanus","robots":{"index":"index","follow":"follow","max-snippet":"max-snippet:-1","max-image-preview":"max-image-preview:large","max-video-preview":"max-video-preview:-1"},"canonical":"https:\/\/profanus.es\/es\/el-origen\/","og_locale":"es_ES","og_type":"article","og_title":"El Origen - Profanus","og_description":"El Origen Profanus nace de la colaboraci\u00f3n entre Eugenia Garc\u00eda Dom\u00ednguez, M\u00e1ster Universitario en Historia del Arte y M\u00e1ster Especialista","og_url":"https:\/\/profanus.es\/es\/el-origen\/","og_site_name":"Profanus","article_publisher":"https:\/\/www.facebook.com\/profile.php?id=61579470624500","article_modified_time":"2026-03-30T16:18:27+00:00","og_image":[{"url":"https:\/\/profanus.es\/wp\/wp-content\/uploads\/2025\/03\/profanus-iso-dorado.png","type":"","width":"","height":""}],"twitter_card":"summary_large_image","twitter_misc":{"Tiempo de lectura":"1 minuto"},"schema":{"@context":"https:\/\/schema.org","@graph":[{"@type":"WebPage","@id":"https:\/\/profanus.es\/es\/el-origen\/","url":"https:\/\/profanus.es\/es\/el-origen\/","name":"El Origen - Profanus","isPartOf":{"@id":"https:\/\/profanus.es\/es\/#website"},"primaryImageOfPage":{"@id":"https:\/\/profanus.es\/es\/el-origen\/#primaryimage"},"image":{"@id":"https:\/\/profanus.es\/es\/el-origen\/#primaryimage"},"thumbnailUrl":"https:\/\/profanus.es\/wp\/wp-content\/uploads\/2025\/03\/profanus-iso-dorado.png","datePublished":"2026-02-16T16:09:14+00:00","dateModified":"2026-03-30T16:18:27+00:00","breadcrumb":{"@id":"https:\/\/profanus.es\/es\/el-origen\/#breadcrumb"},"inLanguage":"es","potentialAction":[{"@type":"ReadAction","target":["https:\/\/profanus.es\/es\/el-origen\/"]}]},{"@type":"ImageObject","inLanguage":"es","@id":"https:\/\/profanus.es\/es\/el-origen\/#primaryimage","url":"https:\/\/profanus.es\/wp\/wp-content\/uploads\/2025\/03\/profanus-iso-dorado.png","contentUrl":"https:\/\/profanus.es\/wp\/wp-content\/uploads\/2025\/03\/profanus-iso-dorado.png"},{"@type":"BreadcrumbList","@id":"https:\/\/profanus.es\/es\/el-origen\/#breadcrumb","itemListElement":[{"@type":"ListItem","position":1,"name":"Portada","item":"https:\/\/profanus.es\/es\/"},{"@type":"ListItem","position":2,"name":"El Origen"}]},{"@type":"WebSite","@id":"https:\/\/profanus.es\/es\/#website","url":"https:\/\/profanus.es\/es\/","name":"Profanus","description":"Profanus \u00e9s el nostre propi m\u00f3n m\u00e0gic, ple d&#039;hist\u00f2ries i personatges fant\u00e0stics de les terres catalanes.","publisher":{"@id":"https:\/\/profanus.es\/es\/#organization"},"potentialAction":[{"@type":"SearchAction","target":{"@type":"EntryPoint","urlTemplate":"https:\/\/profanus.es\/es\/?s={search_term_string}"},"query-input":{"@type":"PropertyValueSpecification","valueRequired":true,"valueName":"search_term_string"}}],"inLanguage":"es"},{"@type":"Organization","@id":"https:\/\/profanus.es\/es\/#organization","name":"Profanus","url":"https:\/\/profanus.es\/es\/","logo":{"@type":"ImageObject","inLanguage":"es","@id":"https:\/\/profanus.es\/es\/#\/schema\/logo\/image\/","url":"https:\/\/mlsdeqqwxptl.i.optimole.com\/cb:EuuA.2b5\/w:512\/h:512\/q:mauto\/f:best\/https:\/\/profanus.es\/wp\/wp-content\/uploads\/2025\/12\/favicon.png","contentUrl":"https:\/\/mlsdeqqwxptl.i.optimole.com\/cb:EuuA.2b5\/w:512\/h:512\/q:mauto\/f:best\/https:\/\/profanus.es\/wp\/wp-content\/uploads\/2025\/12\/favicon.png","width":512,"height":512,"caption":"Profanus"},"image":{"@id":"https:\/\/profanus.es\/es\/#\/schema\/logo\/image\/"},"sameAs":["https:\/\/www.facebook.com\/profile.php?id=61579470624500","https:\/\/www.instagram.com\/profanusbcn\/"]}]}},"_links":{"self":[{"href":"https:\/\/profanus.es\/es\/wp-json\/wp\/v2\/pages\/1663","targetHints":{"allow":["GET"]}}],"collection":[{"href":"https:\/\/profanus.es\/es\/wp-json\/wp\/v2\/pages"}],"about":[{"href":"https:\/\/profanus.es\/es\/wp-json\/wp\/v2\/types\/page"}],"author":[{"embeddable":true,"href":"https:\/\/profanus.es\/es\/wp-json\/wp\/v2\/users\/1"}],"replies":[{"embeddable":true,"href":"https:\/\/profanus.es\/es\/wp-json\/wp\/v2\/comments?post=1663"}],"version-history":[{"count":4,"href":"https:\/\/profanus.es\/es\/wp-json\/wp\/v2\/pages\/1663\/revisions"}],"predecessor-version":[{"id":2426,"href":"https:\/\/profanus.es\/es\/wp-json\/wp\/v2\/pages\/1663\/revisions\/2426"}],"wp:attachment":[{"href":"https:\/\/profanus.es\/es\/wp-json\/wp\/v2\/media?parent=1663"}],"curies":[{"name":"wp","href":"https:\/\/api.w.org\/{rel}","templated":true}]}}